{"id":30743,"date":"2017-02-16T09:16:27","date_gmt":"2017-02-16T08:16:27","guid":{"rendered":"https:\/\/six-sept.ch\/verkaufsstelle\/"},"modified":"2024-11-18T07:50:16","modified_gmt":"2024-11-18T06:50:16","slug":"verkaufsstelle","status":"publish","type":"page","link":"https:\/\/six-sept.ch\/de\/verkaufsstelle\/","title":{"rendered":"Verkaufsstelle"},"content":{"rendered":"<p>[et_pb_section fb_built=&#8220;1&#8243; _builder_version=&#8220;4.25.1&#8243; _module_preset=&#8220;default&#8220; global_colors_info=&#8220;{}&#8220;][et_pb_row use_custom_gutter=&#8220;on&#8220; gutter_width=&#8220;1&#8243; make_equal=&#8220;on&#8220; _builder_version=&#8220;4.25.1&#8243; _module_preset=&#8220;default&#8220; width=&#8220;90%&#8220; max_width=&#8220;90%&#8220; module_alignment=&#8220;center&#8220; custom_margin=&#8220;0px|0px|0px|0px|false|false&#8220; custom_padding=&#8220;0px|0px|0px|0px|false|false&#8220; global_colors_info=&#8220;{}&#8220;][et_pb_column type=&#8220;4_4&#8243; _builder_version=&#8220;4.25.1&#8243; _module_preset=&#8220;default&#8220; global_colors_info=&#8220;{}&#8220;][et_pb_post_title meta=&#8220;off&#8220; featured_image=&#8220;off&#8220; _builder_version=&#8220;4.25.1&#8243; _module_preset=&#8220;default&#8220; title_font=&#8220;Baskervville|700|||||||&#8220; title_font_size=&#8220;28px&#8220; title_letter_spacing=&#8220;1px&#8220; module_alignment=&#8220;left&#8220; custom_margin=&#8220;5%||||false|false&#8220; custom_padding=&#8220;||||false|false&#8220; title_font_size_tablet=&#8220;&#8220; title_font_size_phone=&#8220;26px&#8220; title_font_size_last_edited=&#8220;on|phone&#8220; global_colors_info=&#8220;{}&#8220;][\/et_pb_post_title][\/et_pb_column][\/et_pb_row][\/et_pb_section][et_pb_section fb_built=&#8220;1&#8243; disabled_on=&#8220;off|off|off&#8220; admin_label=&#8220;section&#8220; _builder_version=&#8220;4.25.0&#8243; custom_padding=&#8220;0px|0px|0px|0px&#8220; transparent_background=&#8220;off&#8220; make_fullwidth=&#8220;off&#8220; use_custom_width=&#8220;off&#8220; width_unit=&#8220;off&#8220; custom_width_px=&#8220;1080px&#8220; custom_width_percent=&#8220;80%&#8220; global_colors_info=&#8220;{}&#8220;][et_pb_row column_structure=&#8220;1_4,3_4&#8243; use_custom_gutter=&#8220;on&#8220; gutter_width=&#8220;1&#8243; admin_label=&#8220;row&#8220; module_class=&#8220; et_pb_row_fullwidth&#8220; _builder_version=&#8220;4.27.3&#8243; background_size=&#8220;initial&#8220; background_position=&#8220;top_left&#8220; background_repeat=&#8220;repeat&#8220; width=&#8220;100%&#8220; width_tablet=&#8220;100%&#8220; width_phone=&#8220;100%&#8220; width_last_edited=&#8220;on|desktop&#8220; max_width=&#8220;100%&#8220; max_width_tablet=&#8220;100%&#8220; max_width_phone=&#8220;100%&#8220; max_width_last_edited=&#8220;on|desktop&#8220; custom_padding=&#8220;0px|0px|0px|0px&#8220; hover_transition_duration=&#8220;0ms&#8220; hover_enabled=&#8220;0&#8243; make_fullwidth=&#8220;on&#8220; use_custom_width=&#8220;off&#8220; width_unit=&#8220;off&#8220; custom_width_px=&#8220;1080px&#8220; custom_width_percent=&#8220;80%&#8220; global_colors_info=&#8220;{}&#8220; custom_margin=&#8220;50px||50px||true|false&#8220; sticky_enabled=&#8220;0&#8243;][et_pb_column type=&#8220;1_4&#8243; _builder_version=&#8220;4.16&#8243; custom_padding=&#8220;|||&#8220; global_colors_info=&#8220;{}&#8220; custom_padding__hover=&#8220;|||&#8220;][et_pb_image src=&#8220;https:\/\/six-sept.ch\/wp-content\/uploads\/2024\/11\/logo-messerli-noir-2-png.avif&#8220; title_text=&#8220;logo-messerli-schwarz-2&#8243; align=&#8220;center&#8220; _builder_version=&#8220;4.27.3&#8243; _module_preset=&#8220;default&#8220; width=&#8220;50%&#8220; module_alignment=&#8220;center&#8220; hover_enabled=&#8220;0&#8243; global_colors_info=&#8220;{}&#8220; custom_margin=&#8220;50px||50px||false|false&#8220; show_bottom_space=&#8220;off&#8220; sticky_enabled=&#8220;0&#8243;][\/et_pb_image][\/et_pb_column][et_pb_column type=&#8220;3_4&#8243; _builder_version=&#8220;4.16&#8243; custom_padding=&#8220;|||&#8220; global_colors_info=&#8220;{}&#8220; custom_padding__hover=&#8220;|||&#8220;][et_pb_text content_last_edited=&#8220;off|phone&#8220; admin_label=&#8220;Texte&#8220; _builder_version=&#8220;4.27.3&#8243; text_font=&#8220;Baskervville||||||||&#8220; text_font_size=&#8220;18px&#8220; text_line_height=&#8220;1.5em&#8220; header_font=&#8220;Baskervville||||||||&#8220; header_3_font=&#8220;Baskervville|&#8211;et_global_heading_font_weight|||||||&#8220; header_3_text_color=&#8220;#566B73&#8243; header_3_font_size=&#8220;25px&#8220; header_3_letter_spacing=&#8220;1px&#8220; background_size=&#8220;initial&#8220; background_position=&#8220;top_left&#8220; background_repeat=&#8220;repeat&#8220; text_orientation=&#8220;left&#8220; width=&#8220;90%&#8220; custom_margin=&#8220;0px|0px|0px|0px|false|false&#8220; custom_padding_tablet=&#8220;90px|100px|90px|100px&#8220; custom_padding_phone=&#8220;90px|40px|90px|40px&#8220; custom_padding_last_edited=&#8220;off|phone&#8220; use_border_color=&#8220;off&#8220; border_style=&#8220;solid&#8220; global_colors_info=&#8220;{}&#8220;]<\/p>\n<h3>Optique Messerli<\/h3>\n<p>&nbsp;<\/p>\n<p><span>Bei Optique Messerli k\u00f6nnen sich die Kunden auf ein freundliches Team verlassen, das sich voll und ganz auf sie einstellt und sich bem\u00fcht, alle ihre W\u00fcnsche zu erf\u00fcllen.<br \/>\nDie jungen und dynamischen Mitarbeiter werden st\u00e4ndig weitergebildet, um ihr Fachwissen und ihre Pers\u00f6nlichkeit zu entwickeln. <\/span><\/p>\n<p><span><\/span><\/p>\n<p>Rte Des Pralettes 1<br \/>1723 Marly<br \/> +41<a href=\"tel:+41%20264362202\"> 264362202<\/a><\/p>\n<p><a href=\"https:\/\/optiquemesserli.ch\/\">https:\/\/optiquemesserli.ch\/<\/a><br \/><a href=\"mailto:info@optiquemesserli.ch\">info@optiquemesserli.ch<\/a><\/p>\n<p>&nbsp;<\/p>\n<p><span><\/span><\/p>\n<p><span><\/span><\/p>\n<p>[\/et_pb_text][\/et_pb_column][\/et_pb_row][et_pb_row column_structure=&#8220;1_4,3_4&#8243; use_custom_gutter=&#8220;on&#8220; gutter_width=&#8220;1&#8243; admin_label=&#8220;row&#8220; module_class=&#8220; et_pb_row_fullwidth&#8220; _builder_version=&#8220;4.27.3&#8243; background_size=&#8220;initial&#8220; background_position=&#8220;top_left&#8220; background_repeat=&#8220;repeat&#8220; width=&#8220;100%&#8220; width_tablet=&#8220;100%&#8220; width_phone=&#8220;100%&#8220; width_last_edited=&#8220;on|desktop&#8220; max_width=&#8220;100%&#8220; max_width_tablet=&#8220;100%&#8220; max_width_phone=&#8220;100%&#8220; max_width_last_edited=&#8220;on|desktop&#8220; custom_padding=&#8220;0px|0px|0px|0px&#8220; hover_transition_duration=&#8220;0ms&#8220; hover_enabled=&#8220;0&#8243; make_fullwidth=&#8220;on&#8220; use_custom_width=&#8220;off&#8220; width_unit=&#8220;off&#8220; custom_width_px=&#8220;1080px&#8220; custom_width_percent=&#8220;80%&#8220; global_colors_info=&#8220;{}&#8220; custom_margin=&#8220;50px||50px||true|false&#8220; sticky_enabled=&#8220;0&#8243;][et_pb_column type=&#8220;1_4&#8243; _builder_version=&#8220;4.16&#8243; custom_padding=&#8220;|||&#8220; global_colors_info=&#8220;{}&#8220; custom_padding__hover=&#8220;|||&#8220;][et_pb_image src=&#8220;https:\/\/six-sept.ch\/wp-content\/uploads\/2024\/11\/telechargement.png&#8220; title_text=&#8220;Download&#8220; align=&#8220;center&#8220; _builder_version=&#8220;4.27.3&#8243; _module_preset=&#8220;default&#8220; width=&#8220;50%&#8220; module_alignment=&#8220;center&#8220; hover_enabled=&#8220;0&#8243; global_colors_info=&#8220;{}&#8220; custom_margin=&#8220;50px||50px||true|false&#8220; sticky_enabled=&#8220;0&#8243;][\/et_pb_image][\/et_pb_column][et_pb_column type=&#8220;3_4&#8243; _builder_version=&#8220;4.16&#8243; custom_padding=&#8220;|||&#8220; global_colors_info=&#8220;{}&#8220; custom_padding__hover=&#8220;|||&#8220;][et_pb_text content_last_edited=&#8220;off|phone&#8220; admin_label=&#8220;Texte&#8220; _builder_version=&#8220;4.27.3&#8243; text_font=&#8220;Baskervville||||||||&#8220; text_font_size=&#8220;18px&#8220; text_line_height=&#8220;1.5em&#8220; header_font=&#8220;Baskervville||||||||&#8220; header_3_font=&#8220;Baskervville|&#8211;et_global_heading_font_weight|||||||&#8220; header_3_text_color=&#8220;#566B73&#8243; header_3_font_size=&#8220;25px&#8220; header_3_letter_spacing=&#8220;1px&#8220; background_size=&#8220;initial&#8220; background_position=&#8220;top_left&#8220; background_repeat=&#8220;repeat&#8220; text_orientation=&#8220;left&#8220; width=&#8220;90%&#8220; custom_margin=&#8220;0px|0px|0px|0px|false|false&#8220; custom_padding_tablet=&#8220;90px|100px|90px|100px&#8220; custom_padding_phone=&#8220;90px|40px|90px|40px&#8220; custom_padding_last_edited=&#8220;off|phone&#8220; use_border_color=&#8220;off&#8220; border_style=&#8220;solid&#8220; global_colors_info=&#8220;{}&#8220;]<\/p>\n<h3>Leneta<\/h3>\n<h3><\/h3>\n<h3><\/h3>\n<p><span>Leneta ist ein komplement\u00e4res und engagiertes Team, das bereit ist, Ihnen ein au\u00dfergew\u00f6hnliches optisches Erlebnis zu bieten. Ob Sie nun nach dem perfekten Brillengestell suchen, Ihre Kontaktlinsen im Handumdrehen bestellen m\u00f6chten oder eine fachkundige Beratung zu Brillengl\u00e4sern w\u00fcnschen, sie sind da, um Sie bei jedem Schritt zu begleiten. <\/span><span><\/span><\/p>\n<p><span>Chemin de Folli\u00e9ran 20<br \/><\/span><span>1630 Bulle<br \/><\/span><a href=\"tel:0265645454\">026 564 54 54<\/a><\/p>\n<p><i class=\"fa fa-envelope-o\"><a href=\"https:\/\/leneta.ch\/\">https:\/\/leneta.ch\/<\/a><br \/><\/i><a href=\"mailto:team@leneta.ch\">team@leneta.ch<\/a><\/p>\n<p>&nbsp;<\/p>\n<p><span><\/span><\/p>\n<p><span><\/span><\/p>\n<p>[\/et_pb_text][\/et_pb_column][\/et_pb_row][et_pb_row column_structure=&#8220;1_4,3_4&#8243; use_custom_gutter=&#8220;on&#8220; gutter_width=&#8220;1&#8243; admin_label=&#8220;row&#8220; module_class=&#8220; et_pb_row_fullwidth&#8220; _builder_version=&#8220;4.27.3&#8243; background_size=&#8220;initial&#8220; background_position=&#8220;top_left&#8220; background_repeat=&#8220;repeat&#8220; width=&#8220;100%&#8220; width_tablet=&#8220;100%&#8220; width_phone=&#8220;100%&#8220; width_last_edited=&#8220;on|desktop&#8220; max_width=&#8220;100%&#8220; max_width_tablet=&#8220;100%&#8220; max_width_phone=&#8220;100%&#8220; max_width_last_edited=&#8220;on|desktop&#8220; custom_padding=&#8220;0px|0px|0px|0px&#8220; hover_transition_duration=&#8220;0ms&#8220; hover_enabled=&#8220;0&#8243; make_fullwidth=&#8220;on&#8220; use_custom_width=&#8220;off&#8220; width_unit=&#8220;off&#8220; custom_width_px=&#8220;1080px&#8220; custom_width_percent=&#8220;80%&#8220; global_colors_info=&#8220;{}&#8220; custom_margin=&#8220;50px||50px||true|false&#8220; sticky_enabled=&#8220;0&#8243;][et_pb_column type=&#8220;1_4&#8243; _builder_version=&#8220;4.16&#8243; custom_padding=&#8220;|||&#8220; global_colors_info=&#8220;{}&#8220; custom_padding__hover=&#8220;|||&#8220;][et_pb_image src=&#8220;https:\/\/six-sept.ch\/wp-content\/uploads\/2024\/11\/logo-jpeg.avif&#8220; title_text=&#8220;logo-jpeg&#8220; align=&#8220;center&#8220; _builder_version=&#8220;4.27.3&#8243; _module_preset=&#8220;default&#8220; width=&#8220;50%&#8220; module_alignment=&#8220;center&#8220; hover_enabled=&#8220;0&#8243; global_colors_info=&#8220;{}&#8220; custom_margin=&#8220;50px||50px||true|false&#8220; sticky_enabled=&#8220;0&#8243;][\/et_pb_image][\/et_pb_column][et_pb_column type=&#8220;3_4&#8243; _builder_version=&#8220;4.16&#8243; custom_padding=&#8220;|||&#8220; global_colors_info=&#8220;{}&#8220; custom_padding__hover=&#8220;|||&#8220;][et_pb_text content_last_edited=&#8220;off|phone&#8220; admin_label=&#8220;Texte&#8220; _builder_version=&#8220;4.27.3&#8243; text_font=&#8220;Baskervville||||||||&#8220; text_font_size=&#8220;18px&#8220; text_line_height=&#8220;1.5em&#8220; header_font=&#8220;Baskervville||||||||&#8220; header_3_font=&#8220;Baskervville|&#8211;et_global_heading_font_weight|||||||&#8220; header_3_text_color=&#8220;#566B73&#8243; header_3_font_size=&#8220;25px&#8220; header_3_letter_spacing=&#8220;1px&#8220; background_size=&#8220;initial&#8220; background_position=&#8220;top_left&#8220; background_repeat=&#8220;repeat&#8220; text_orientation=&#8220;left&#8220; width=&#8220;90%&#8220; custom_margin=&#8220;0px|0px|0px|0px|false|false&#8220; custom_padding_tablet=&#8220;90px|100px|90px|100px&#8220; custom_padding_phone=&#8220;90px|40px|90px|40px&#8220; custom_padding_last_edited=&#8220;off|phone&#8220; use_border_color=&#8220;off&#8220; border_style=&#8220;solid&#8220; global_colors_info=&#8220;{}&#8220;]<\/p>\n<h3><span><\/span><\/h3>\n<h3><span>Lorella &amp; L\u00e9onard OPTIC<\/span><\/h3>\n<h3><\/h3>\n<h3><\/h3>\n<p><span>Wir sind ein unabh\u00e4ngiges Gesch\u00e4ft f\u00fcr Optik und Optometrie, das von Lorella und Leonard, zwei jungen, hochqualifizierten Optikern\/Optometristen, mit Leidenschaft gef\u00fchrt wird. Wir nehmen regelm\u00e4\u00dfig an Kursen, Kongressen, Pr\u00e4sentationen und Workshops teil und organisieren diese. <\/span><\/p>\n<p><span>Bahnhofstrasse 21<br \/>CH-2502 Biel\/Bienne<br \/><\/span><span>032 342 10 10<\/span><\/p>\n<p><i class=\"fa fa-envelope-o\"><a href=\"https:\/\/www.lorellaleonard.ch\/\">https:\/\/www.lorellaleonard.ch\/<\/a><br \/><\/i><a href=\"mailto:%20info@lorellaleonard.ch\"><span>info@lorellaleonard.ch<\/span><\/a><\/p>\n<p>&nbsp;<\/p>\n<p><span><\/span><\/p>\n<p><span><\/span><\/p>\n<p>[\/et_pb_text][\/et_pb_column][\/et_pb_row][et_pb_row column_structure=&#8220;1_4,3_4&#8243; use_custom_gutter=&#8220;on&#8220; gutter_width=&#8220;1&#8243; admin_label=&#8220;row&#8220; module_class=&#8220; et_pb_row_fullwidth&#8220; _builder_version=&#8220;4.27.3&#8243; background_size=&#8220;initial&#8220; background_position=&#8220;top_left&#8220; background_repeat=&#8220;repeat&#8220; width=&#8220;100%&#8220; width_tablet=&#8220;100%&#8220; width_phone=&#8220;100%&#8220; width_last_edited=&#8220;on|desktop&#8220; max_width=&#8220;100%&#8220; max_width_tablet=&#8220;100%&#8220; max_width_phone=&#8220;100%&#8220; max_width_last_edited=&#8220;on|desktop&#8220; custom_padding=&#8220;0px|0px|0px|0px&#8220; hover_transition_duration=&#8220;0ms&#8220; hover_enabled=&#8220;0&#8243; make_fullwidth=&#8220;on&#8220; use_custom_width=&#8220;off&#8220; width_unit=&#8220;off&#8220; custom_width_px=&#8220;1080px&#8220; custom_width_percent=&#8220;80%&#8220; global_colors_info=&#8220;{}&#8220; custom_margin=&#8220;50px||50px||true|false&#8220; sticky_enabled=&#8220;0&#8243;][et_pb_column type=&#8220;1_4&#8243; _builder_version=&#8220;4.16&#8243; custom_padding=&#8220;|||&#8220; global_colors_info=&#8220;{}&#8220; custom_padding__hover=&#8220;|||&#8220;][et_pb_image src=&#8220;https:\/\/six-sept.ch\/wp-content\/uploads\/2024\/11\/SENSLER_OPTIK_PANTONE-01_edited.webp&#8220; title_text=&#8220;SENSLER_OPTIK_PANTONE-01_edited&#8220; align=&#8220;center&#8220; _builder_version=&#8220;4.27.3&#8243; _module_preset=&#8220;default&#8220; width=&#8220;50%&#8220; module_alignment=&#8220;center&#8220; hover_enabled=&#8220;0&#8243; global_colors_info=&#8220;{}&#8220; custom_margin=&#8220;50px||50px||true|false&#8220; sticky_enabled=&#8220;0&#8243;][\/et_pb_image][\/et_pb_column][et_pb_column type=&#8220;3_4&#8243; _builder_version=&#8220;4.16&#8243; custom_padding=&#8220;|||&#8220; global_colors_info=&#8220;{}&#8220; custom_padding__hover=&#8220;|||&#8220;][et_pb_text content_last_edited=&#8220;off|phone&#8220; admin_label=&#8220;Texte&#8220; _builder_version=&#8220;4.27.3&#8243; text_font=&#8220;Baskervville||||||||&#8220; text_font_size=&#8220;18px&#8220; text_line_height=&#8220;1.5em&#8220; header_font=&#8220;Baskervville||||||||&#8220; header_3_font=&#8220;Baskervville|&#8211;et_global_heading_font_weight|||||||&#8220; header_3_text_color=&#8220;#566B73&#8243; header_3_font_size=&#8220;25px&#8220; header_3_letter_spacing=&#8220;1px&#8220; background_size=&#8220;initial&#8220; background_position=&#8220;top_left&#8220; background_repeat=&#8220;repeat&#8220; text_orientation=&#8220;left&#8220; width=&#8220;90%&#8220; custom_margin=&#8220;0px|0px|0px|0px|false|false&#8220; custom_padding_tablet=&#8220;90px|100px|90px|100px&#8220; custom_padding_phone=&#8220;90px|40px|90px|40px&#8220; custom_padding_last_edited=&#8220;off|phone&#8220; use_border_color=&#8220;off&#8220; border_style=&#8220;solid&#8220; global_colors_info=&#8220;{}&#8220;]<\/p>\n<h3><span><\/span><\/h3>\n<h3><span>Sensler Optik<\/span><\/h3>\n<h3><\/h3>\n<h3><\/h3>\n<p><span>Unsere langj\u00e4hrigen Mitarbeiter beraten und begeistern Sie mit fachlicher Kompetenz, technischem Vorsprung und Ehrlichkeit. Wir danken Ihnen f\u00fcr Ihr Vertrauen und freuen uns, dass Sie in unser Fachgesch\u00e4ft einsteigen d\u00fcrfen.   <\/span><\/p>\n<p><span>Dorfstrasse 15<br class=\"wixui-rich-text__text\">1716 Plaffeien<br \/><\/span><span>026 505 14 71<\/span><\/p>\n<p><i class=\"fa fa-envelope-o\"><a href=\"https:\/\/www.sensleroptik.ch\/\">https:\/\/www.sensleroptik.ch\/<\/a><br \/><\/i><a href=\"mailto:%20sehen@sensleroptik.ch\">sehen@sensleroptik.ch<\/a><\/p>\n<p>&nbsp;<\/p>\n<p><span><\/span><\/p>\n<p><span><\/span><\/p>\n<p>[\/et_pb_text][\/et_pb_column][\/et_pb_row][et_pb_row column_structure=&#8220;1_4,3_4&#8243; use_custom_gutter=&#8220;on&#8220; gutter_width=&#8220;1&#8243; admin_label=&#8220;row&#8220; module_class=&#8220; et_pb_row_fullwidth&#8220; _builder_version=&#8220;4.27.3&#8243; background_size=&#8220;initial&#8220; background_position=&#8220;top_left&#8220; background_repeat=&#8220;repeat&#8220; width=&#8220;100%&#8220; width_tablet=&#8220;100%&#8220; width_phone=&#8220;100%&#8220; width_last_edited=&#8220;on|desktop&#8220; max_width=&#8220;100%&#8220; max_width_tablet=&#8220;100%&#8220; max_width_phone=&#8220;100%&#8220; max_width_last_edited=&#8220;on|desktop&#8220; custom_padding=&#8220;0px|0px|0px|0px&#8220; hover_transition_duration=&#8220;0ms&#8220; hover_enabled=&#8220;0&#8243; make_fullwidth=&#8220;on&#8220; use_custom_width=&#8220;off&#8220; width_unit=&#8220;off&#8220; custom_width_px=&#8220;1080px&#8220; custom_width_percent=&#8220;80%&#8220; global_colors_info=&#8220;{}&#8220; sticky_enabled=&#8220;0&#8243; custom_margin=&#8220;50px||50px||true|false&#8220;][et_pb_column type=&#8220;1_4&#8243; _builder_version=&#8220;4.16&#8243; custom_padding=&#8220;|||&#8220; global_colors_info=&#8220;{}&#8220; custom_padding__hover=&#8220;|||&#8220;][et_pb_image src=&#8220;https:\/\/six-sept.ch\/wp-content\/uploads\/2024\/11\/cropped-2019_04_LA_VUE_MTX_VILL_BEX_ALLONG_gris_trans_8-2.webp&#8220; title_text=&#8220;cropped-2019_04_LA_VUE_MTX_VILL_BEX_ALLONG_gris_trans_8-2&#8243; align=&#8220;center&#8220; _builder_version=&#8220;4.27.3&#8243; _module_preset=&#8220;default&#8220; width=&#8220;50%&#8220; module_alignment=&#8220;center&#8220; hover_enabled=&#8220;0&#8243; global_colors_info=&#8220;{}&#8220; custom_margin=&#8220;50px||50px||true|false&#8220; sticky_enabled=&#8220;0&#8243;][\/et_pb_image][\/et_pb_column][et_pb_column type=&#8220;3_4&#8243; _builder_version=&#8220;4.16&#8243; custom_padding=&#8220;|||&#8220; global_colors_info=&#8220;{}&#8220; custom_padding__hover=&#8220;|||&#8220;][et_pb_text content_last_edited=&#8220;off|phone&#8220; admin_label=&#8220;Texte&#8220; _builder_version=&#8220;4.27.3&#8243; text_font=&#8220;Baskervville||||||||&#8220; text_font_size=&#8220;18px&#8220; text_line_height=&#8220;1.5em&#8220; header_font=&#8220;Baskervville||||||||&#8220; header_3_font=&#8220;Baskervville|&#8211;et_global_heading_font_weight|||||||&#8220; header_3_text_color=&#8220;#566B73&#8243; header_3_font_size=&#8220;25px&#8220; header_3_letter_spacing=&#8220;1px&#8220; background_size=&#8220;initial&#8220; background_position=&#8220;top_left&#8220; background_repeat=&#8220;repeat&#8220; text_orientation=&#8220;left&#8220; width=&#8220;90%&#8220; custom_margin=&#8220;0px|0px|0px|0px|false|false&#8220; custom_padding_tablet=&#8220;90px|100px|90px|100px&#8220; custom_padding_phone=&#8220;90px|40px|90px|40px&#8220; custom_padding_last_edited=&#8220;off|phone&#8220; use_border_color=&#8220;off&#8220; border_style=&#8220;solid&#8220; global_colors_info=&#8220;{}&#8220;]<\/p>\n<h3><span><\/span><\/h3>\n<h3><span>Muller Optique SA<\/span><\/h3>\n<h3><\/h3>\n<h3><\/h3>\n<p><span>Thierry B\u00e4tz, Diplom-Optiker in der Schweiz<\/span><\/p>\n<p><span>Grand&#8216; Rue 2<br \/>1820 Montreux<br \/><\/span><a data-dtype=\"d3ph\" data-local-attribute=\"d3ph\" jscontroller=\"LWZElb\" href=\"https:\/\/www.google.com\/search?q=Optique+Muller+SA&amp;rlz=1C1PNJJ_frCH930CH930&amp;oq=Optique+Muller+SA&amp;gs_lcrp=EgZjaHJvbWUyBggAEEUYOTIICAEQABgWGB4yCAgCEAAYFhgeMggIAxAAGBYYHjIKCAQQABiABBiiBDIKCAUQABiABBiiBDIKCAYQABiABBiiBDIGCAcQRRg90gEHNTU1ajBqNKgCALACAQ&amp;sourceid=chrome&amp;ie=UTF-8#\" jsdata=\"QKGTRc;_;BHE74E\" jsaction=\"rcuQ6b:npT2md;F75qrd\" data-ved=\"2ahUKEwj37t_GlOGJAxWB9bsIHYW3MDUQkAgoAHoECDEQAg\"><span aria-label=\"Appeler le 021 963 38 23\">021 963 38 23<\/span><\/a><\/p>\n<p><i class=\"fa fa-envelope-o\"><a href=\"https:\/\/mulleroptique.ch\/\">https:\/\/mulleroptique.ch\/<\/a><br \/><\/i><a href=\"mailto:%20montreux@mulleroptique.ch\">montreux@mulleroptique.ch<\/a><\/p>\n<p>&nbsp;<\/p>\n<p><span><\/span><\/p>\n<p><span><\/span><\/p>\n<p>[\/et_pb_text][\/et_pb_column][\/et_pb_row][et_pb_row column_structure=&#8220;1_4,3_4&#8243; use_custom_gutter=&#8220;on&#8220; gutter_width=&#8220;1&#8243; admin_label=&#8220;row&#8220; module_class=&#8220; et_pb_row_fullwidth&#8220; _builder_version=&#8220;4.27.3&#8243; background_size=&#8220;initial&#8220; background_position=&#8220;top_left&#8220; background_repeat=&#8220;repeat&#8220; width=&#8220;100%&#8220; width_tablet=&#8220;100%&#8220; width_phone=&#8220;100%&#8220; width_last_edited=&#8220;on|desktop&#8220; max_width=&#8220;100%&#8220; max_width_tablet=&#8220;100%&#8220; max_width_phone=&#8220;100%&#8220; max_width_last_edited=&#8220;on|desktop&#8220; custom_padding=&#8220;0px|0px|0px|0px&#8220; hover_transition_duration=&#8220;0ms&#8220; hover_enabled=&#8220;0&#8243; make_fullwidth=&#8220;on&#8220; use_custom_width=&#8220;off&#8220; width_unit=&#8220;off&#8220; custom_width_px=&#8220;1080px&#8220; custom_width_percent=&#8220;80%&#8220; global_colors_info=&#8220;{}&#8220; custom_margin=&#8220;50px||50px||true|false&#8220; sticky_enabled=&#8220;0&#8243;][et_pb_column type=&#8220;1_4&#8243; _builder_version=&#8220;4.16&#8243; custom_padding=&#8220;|||&#8220; global_colors_info=&#8220;{}&#8220; custom_padding__hover=&#8220;|||&#8220;][et_pb_image src=&#8220;https:\/\/six-sept.ch\/wp-content\/uploads\/2024\/11\/4d4694_b7bfb06c59a04e8db466db4e8773c7b8mv2-e1715601014103-2048&#215;1665-2.png&#8220; title_text=&#8220;4d4694_b7bfb06c59a04e8db466db4e8773c7b8mv2-e1715601014103-2048&#215;1665&#8243; align=&#8220;center&#8220; _builder_version=&#8220;4.27.3&#8243; _module_preset=&#8220;default&#8220; width=&#8220;50%&#8220; module_alignment=&#8220;center&#8220; hover_enabled=&#8220;0&#8243; global_colors_info=&#8220;{}&#8220; custom_margin=&#8220;50px||50px||true|false&#8220; sticky_enabled=&#8220;0&#8243;][\/et_pb_image][\/et_pb_column][et_pb_column type=&#8220;3_4&#8243; _builder_version=&#8220;4.16&#8243; custom_padding=&#8220;|||&#8220; global_colors_info=&#8220;{}&#8220; custom_padding__hover=&#8220;|||&#8220;][et_pb_text content_last_edited=&#8220;off|phone&#8220; admin_label=&#8220;Texte&#8220; _builder_version=&#8220;4.27.3&#8243; text_font=&#8220;Baskervville||||||||&#8220; text_font_size=&#8220;18px&#8220; text_line_height=&#8220;1.5em&#8220; header_font=&#8220;Baskervville||||||||&#8220; header_3_font=&#8220;Baskervville|&#8211;et_global_heading_font_weight|||||||&#8220; header_3_text_color=&#8220;#566B73&#8243; header_3_font_size=&#8220;25px&#8220; header_3_letter_spacing=&#8220;1px&#8220; background_size=&#8220;initial&#8220; background_position=&#8220;top_left&#8220; background_repeat=&#8220;repeat&#8220; text_orientation=&#8220;left&#8220; width=&#8220;90%&#8220; custom_margin=&#8220;0px|0px|0px|0px|false|false&#8220; custom_padding_tablet=&#8220;90px|100px|90px|100px&#8220; custom_padding_phone=&#8220;90px|40px|90px|40px&#8220; custom_padding_last_edited=&#8220;off|phone&#8220; use_border_color=&#8220;off&#8220; border_style=&#8220;solid&#8220; global_colors_info=&#8220;{}&#8220;]<\/p>\n<h3><span><\/span><\/h3>\n<h3><span>Atelier de l&#8217;Optique<\/span><\/h3>\n<h3><\/h3>\n<h3><\/h3>\n<p class=\"qodef-m-subtitle\">Ihre Vision ist unsere Priorit\u00e4t. Wir bieten eine vollst\u00e4ndige Palette an optischen Produkten und Dienstleistungen an, um Ihre Sehbed\u00fcrfnisse zu erf\u00fcllen. <\/p>\n<p><span>Pl. Centrale 2A<br \/>1920 Martigny <br \/><\/span><a data-dtype=\"d3ph\" data-local-attribute=\"d3ph\" jscontroller=\"LWZElb\" href=\"https:\/\/www.google.com\/search?q=Optique+Muller+SA&amp;rlz=1C1PNJJ_frCH930CH930&amp;oq=Optique+Muller+SA&amp;gs_lcrp=EgZjaHJvbWUyBggAEEUYOTIICAEQABgWGB4yCAgCEAAYFhgeMggIAxAAGBYYHjIKCAQQABiABBiiBDIKCAUQABiABBiiBDIKCAYQABiABBiiBDIGCAcQRRg90gEHNTU1ajBqNKgCALACAQ&amp;sourceid=chrome&amp;ie=UTF-8#\" jsdata=\"QKGTRc;_;BHE74E\" jsaction=\"rcuQ6b:npT2md;F75qrd\" data-ved=\"2ahUKEwj37t_GlOGJAxWB9bsIHYW3MDUQkAgoAHoECDEQAg\"><span aria-label=\"Appeler le 021 963 38 23\"><\/span><\/a><a data-dtype=\"d3ph\" data-local-attribute=\"d3ph\" jscontroller=\"LWZElb\" href=\"https:\/\/www.google.com\/search?q=atelier+de+l%27optique+martigny&amp;rlz=1C1PNJJ_frCH930CH930&amp;oq=Atelier+de+l%27optique&amp;gs_lcrp=EgZjaHJvbWUqBggAEEUYOzIGCAAQRRg7MgYIARBFGDkyBggCEEUYPNIBCDI4NjlqMGo3qAIAsAIA&amp;sourceid=chrome&amp;ie=UTF-8#\" jsdata=\"QKGTRc;_;BUruWA\" jsaction=\"rcuQ6b:npT2md;F75qrd\" data-ved=\"2ahUKEwj7oefOleGJAxX9g_0HHUpSMtIQkAgoAHoECC4QAg\"><span aria-label=\"Appeler le 027 565 40 92\">027 565 40 92<\/span><\/a><\/p>\n<p><i class=\"fa fa-envelope-o\"><a href=\"https:\/\/atelierdeloptique.ch\/\">https:\/\/atelierdeloptique.ch\/<\/a><br \/><\/i><a href=\"mailto:%20info@atelierdeloptique.ch\">info@atelierdeloptique.ch<\/a><\/p>\n<p>&nbsp;<\/p>\n<p><span><\/span><\/p>\n<p><span><\/span><\/p>\n<p>[\/et_pb_text][\/et_pb_column][\/et_pb_row][et_pb_row column_structure=&#8220;1_4,3_4&#8243; use_custom_gutter=&#8220;on&#8220; gutter_width=&#8220;1&#8243; admin_label=&#8220;row&#8220; module_class=&#8220; et_pb_row_fullwidth&#8220; _builder_version=&#8220;4.27.3&#8243; background_size=&#8220;initial&#8220; background_position=&#8220;top_left&#8220; background_repeat=&#8220;repeat&#8220; width=&#8220;100%&#8220; width_tablet=&#8220;100%&#8220; width_phone=&#8220;100%&#8220; width_last_edited=&#8220;on|desktop&#8220; max_width=&#8220;100%&#8220; max_width_tablet=&#8220;100%&#8220; max_width_phone=&#8220;100%&#8220; max_width_last_edited=&#8220;on|desktop&#8220; custom_padding=&#8220;0px|0px|0px|0px&#8220; hover_transition_duration=&#8220;0ms&#8220; hover_enabled=&#8220;0&#8243; make_fullwidth=&#8220;on&#8220; use_custom_width=&#8220;off&#8220; width_unit=&#8220;off&#8220; custom_width_px=&#8220;1080px&#8220; custom_width_percent=&#8220;80%&#8220; global_colors_info=&#8220;{}&#8220; custom_margin=&#8220;50px||50px||true|false&#8220; sticky_enabled=&#8220;0&#8243;][et_pb_column type=&#8220;1_4&#8243; _builder_version=&#8220;4.16&#8243; custom_padding=&#8220;|||&#8220; global_colors_info=&#8220;{}&#8220; custom_padding__hover=&#8220;|||&#8220;][et_pb_image src=&#8220;https:\/\/six-sept.ch\/wp-content\/uploads\/2024\/11\/scheffin-schtifft-logo-002-300.webp&#8220; title_text=&#8220;scheffin-schtifft-logo-002-300&#8243; align=&#8220;center&#8220; _builder_version=&#8220;4.27.3&#8243; _module_preset=&#8220;default&#8220; width=&#8220;50%&#8220; module_alignment=&#8220;center&#8220; hover_enabled=&#8220;0&#8243; global_colors_info=&#8220;{}&#8220; custom_margin=&#8220;50px||50px||true|false&#8220; sticky_enabled=&#8220;0&#8243;][\/et_pb_image][\/et_pb_column][et_pb_column type=&#8220;3_4&#8243; _builder_version=&#8220;4.16&#8243; custom_padding=&#8220;|||&#8220; global_colors_info=&#8220;{}&#8220; custom_padding__hover=&#8220;|||&#8220;][et_pb_text content_last_edited=&#8220;off|phone&#8220; admin_label=&#8220;Texte&#8220; _builder_version=&#8220;4.27.3&#8243; text_font=&#8220;Baskervville||||||||&#8220; text_font_size=&#8220;18px&#8220; text_line_height=&#8220;1.5em&#8220; header_font=&#8220;Baskervville||||||||&#8220; header_3_font=&#8220;Baskervville|&#8211;et_global_heading_font_weight|||||||&#8220; header_3_text_color=&#8220;#566B73&#8243; header_3_font_size=&#8220;25px&#8220; header_3_letter_spacing=&#8220;1px&#8220; background_size=&#8220;initial&#8220; background_position=&#8220;top_left&#8220; background_repeat=&#8220;repeat&#8220; text_orientation=&#8220;left&#8220; width=&#8220;90%&#8220; custom_margin=&#8220;0px|0px|0px|0px|false|false&#8220; custom_padding_tablet=&#8220;90px|100px|90px|100px&#8220; custom_padding_phone=&#8220;90px|40px|90px|40px&#8220; custom_padding_last_edited=&#8220;off|phone&#8220; use_border_color=&#8220;off&#8220; border_style=&#8220;solid&#8220; global_colors_info=&#8220;{}&#8220;]<\/p>\n<h3><span><\/span><\/h3>\n<h3><span>optik atelier k\u00e4ser<\/span><\/h3>\n<h3><\/h3>\n<p class=\"qodef-m-subtitle\">Independent Labels <span>sind unsere Spezialit\u00e4t.<\/span><\/p>\n<p class=\"qodef-m-subtitle\"><span><strong>Barbara K\u00e4ser<\/strong>, Augenoptik-Meisterin und Kontaktlinsenanpasserin: D&#8217;SCHEFFIN.<\/span><\/p>\n<p class=\"qodef-m-subtitle\"><span>und ihr Mann <strong>Juri Weiss<\/strong>: DR SCHTiFFT.<\/span><\/p>\n<p><span>Blumenrain 21<br \/>4051 Basel<br \/><\/span><a data-dtype=\"d3ph\" data-local-attribute=\"d3ph\" jscontroller=\"LWZElb\" href=\"https:\/\/www.google.com\/search?gs_ssp=eJzj4tVP1zc0TDKtjC_IMTE3YLRSNagwMbc0TLJMtEhOtEhMNjI2tzKoSLJItTAwNzE3TE0xSbU0MvASyS8oycxWSCxJzclMLVLIPrykOLUIADeCF3I&amp;q=optik+atelier+k%C3%A4ser&amp;rlz=1C1PNJJ_frCH930CH930&amp;oq=Optik+atelier&amp;gs_lcrp=EgZjaHJvbWUqDwgBEC4YExivARjHARiABDIGCAAQRRg5Mg8IARAuGBMYrwEYxwEYgAQyCQgCEAAYExiABDIPCAMQLhgTGK8BGMcBGIAEMgkIBBAAGBMYgAQyBggFEEUYPDIGCAYQRRg8MgYIBxBFGD3SAQg0ODE5ajBqOagCALACAQ&amp;sourceid=chrome&amp;ie=UTF-8#\" jsdata=\"QKGTRc;_;Bu1vQw\" jsaction=\"rcuQ6b:npT2md;F75qrd\" data-ved=\"2ahUKEwiMobDUl-GJAxWG9QIHHaLSH8YQkAgoAHoECC8QAg\"><span aria-label=\"Appeler le 061 281 17 17\">061 281 17 17<\/span><\/a><\/p>\n<p><i class=\"fa fa-envelope-o\"><a href=\"https:\/\/optik-atelier.ch\/category\/archiv\/six-sept-holzbrillen\/\">https:\/\/optik-atelier.ch\/<\/a><br \/><\/i><a href=\"mailto:%20info@optik-atelier.ch\">info@optik-atelier.ch<\/a><\/p>\n<p>&nbsp;<\/p>\n<p><span><\/span><\/p>\n<p><span><\/span><\/p>\n<p>[\/et_pb_text][\/et_pb_column][\/et_pb_row][et_pb_row column_structure=&#8220;1_4,3_4&#8243; use_custom_gutter=&#8220;on&#8220; gutter_width=&#8220;1&#8243; admin_label=&#8220;row&#8220; module_class=&#8220; et_pb_row_fullwidth&#8220; _builder_version=&#8220;4.27.3&#8243; background_size=&#8220;initial&#8220; background_position=&#8220;top_left&#8220; background_repeat=&#8220;repeat&#8220; width=&#8220;100%&#8220; width_tablet=&#8220;100%&#8220; width_phone=&#8220;100%&#8220; width_last_edited=&#8220;on|desktop&#8220; max_width=&#8220;100%&#8220; max_width_tablet=&#8220;100%&#8220; max_width_phone=&#8220;100%&#8220; max_width_last_edited=&#8220;on|desktop&#8220; custom_padding=&#8220;0px|0px|0px|0px&#8220; hover_transition_duration=&#8220;0ms&#8220; hover_enabled=&#8220;0&#8243; make_fullwidth=&#8220;on&#8220; use_custom_width=&#8220;off&#8220; width_unit=&#8220;off&#8220; custom_width_px=&#8220;1080px&#8220; custom_width_percent=&#8220;80%&#8220; global_colors_info=&#8220;{}&#8220; custom_margin=&#8220;50px||50px||true|false&#8220; sticky_enabled=&#8220;0&#8243;][et_pb_column type=&#8220;1_4&#8243; _builder_version=&#8220;4.16&#8243; custom_padding=&#8220;|||&#8220; global_colors_info=&#8220;{}&#8220; custom_padding__hover=&#8220;|||&#8220;][et_pb_image src=&#8220;https:\/\/six-sept.ch\/wp-content\/uploads\/2024\/11\/telechargement-1.avif&#8220; title_text=&#8220;Download&#8220; align=&#8220;center&#8220; _builder_version=&#8220;4.27.3&#8243; _module_preset=&#8220;default&#8220; width=&#8220;50%&#8220; module_alignment=&#8220;center&#8220; hover_enabled=&#8220;0&#8243; global_colors_info=&#8220;{}&#8220; custom_margin=&#8220;50px||50px||true|false&#8220; sticky_enabled=&#8220;0&#8243;][\/et_pb_image][\/et_pb_column][et_pb_column type=&#8220;3_4&#8243; _builder_version=&#8220;4.16&#8243; custom_padding=&#8220;|||&#8220; global_colors_info=&#8220;{}&#8220; custom_padding__hover=&#8220;|||&#8220;][et_pb_text content_last_edited=&#8220;off|phone&#8220; admin_label=&#8220;Texte&#8220; _builder_version=&#8220;4.27.3&#8243; text_font=&#8220;Baskervville||||||||&#8220; text_font_size=&#8220;18px&#8220; text_line_height=&#8220;1.5em&#8220; header_font=&#8220;Baskervville||||||||&#8220; header_3_font=&#8220;Baskervville|&#8211;et_global_heading_font_weight|||||||&#8220; header_3_text_color=&#8220;#566B73&#8243; header_3_font_size=&#8220;25px&#8220; header_3_letter_spacing=&#8220;1px&#8220; background_size=&#8220;initial&#8220; background_position=&#8220;top_left&#8220; background_repeat=&#8220;repeat&#8220; text_orientation=&#8220;left&#8220; width=&#8220;90%&#8220; custom_margin=&#8220;0px|0px|0px|0px|false|false&#8220; custom_padding_tablet=&#8220;90px|100px|90px|100px&#8220; custom_padding_phone=&#8220;90px|40px|90px|40px&#8220; custom_padding_last_edited=&#8220;off|phone&#8220; use_border_color=&#8220;off&#8220; border_style=&#8220;solid&#8220; global_colors_info=&#8220;{}&#8220;]<\/p>\n<h3><span><\/span><\/h3>\n<h3><span>Lunetterie des Rois<\/span><\/h3>\n<h3><\/h3>\n<p class=\"qodef-m-subtitle\"><span>Wir achten darauf, immer Designer und Kunsthandwerker zu finden, die einen Geschmack f\u00fcr das Sch\u00f6ne, das Neue, das Besondere, das Einzigartige und die Qualit\u00e4t haben, zus\u00e4tzlich zu unseren Brillenlieferanten, denen wir aus denselben Gr\u00fcnden treu bleiben.<\/span><\/p>\n<p><span>Bd de Saint-Georges 75<br \/>1205 Genf<br \/><\/span><a data-dtype=\"d3ph\" data-local-attribute=\"d3ph\" jscontroller=\"LWZElb\" href=\"https:\/\/www.google.com\/search?gs_ssp=eJzj4tVP1zc0TDKtjC_IMTE3YLRSNagwMbc0TLJMtEhOtEhMNjI2tzKoSLJItTAwNzE3TE0xSbU0MvASyS8oycxWSCxJzclMLVLIPrykOLUIADeCF3I&amp;q=optik+atelier+k%C3%A4ser&amp;rlz=1C1PNJJ_frCH930CH930&amp;oq=Optik+atelier&amp;gs_lcrp=EgZjaHJvbWUqDwgBEC4YExivARjHARiABDIGCAAQRRg5Mg8IARAuGBMYrwEYxwEYgAQyCQgCEAAYExiABDIPCAMQLhgTGK8BGMcBGIAEMgkIBBAAGBMYgAQyBggFEEUYPDIGCAYQRRg8MgYIBxBFGD3SAQg0ODE5ajBqOagCALACAQ&amp;sourceid=chrome&amp;ie=UTF-8#\" jsdata=\"QKGTRc;_;Bu1vQw\" jsaction=\"rcuQ6b:npT2md;F75qrd\" data-ved=\"2ahUKEwiMobDUl-GJAxWG9QIHHaLSH8YQkAgoAHoECC8QAg\"><span aria-label=\"Appeler le 061 281 17 17\"><span>022 329 75 95<\/span><\/span><\/a><\/p>\n<p><i class=\"fa fa-envelope-o\"><a href=\"https:\/\/lunetteriedesrois.ch\/\">https:\/\/lunetteriedesrois.ch\/<\/a><br \/><\/i><a href=\"mailto:%20info@lunetteriedesrois.ch\">info@lunetteriedesrois.ch<\/a><\/p>\n<p>&nbsp;<\/p>\n<p><span><\/span><\/p>\n<p><span><\/span><\/p>\n<p>[\/et_pb_text][\/et_pb_column][\/et_pb_row][\/et_pb_section][et_pb_section fb_built=&#8220;1&#8243; _builder_version=&#8220;4.25.1&#8243; _module_preset=&#8220;default&#8220; global_colors_info=&#8220;{}&#8220;][et_pb_row _builder_version=&#8220;4.25.1&#8243; _module_preset=&#8220;default&#8220; global_colors_info=&#8220;{}&#8220;][et_pb_column type=&#8220;4_4&#8243; _builder_version=&#8220;4.25.1&#8243; _module_preset=&#8220;default&#8220; global_colors_info=&#8220;{}&#8220;][et_pb_button button_url=&#8220;https:\/\/six-sept.ch\/de\/eine-verkaufsstelle-werden\/&#8220; button_text=&#8220;Partner werden&#8220; button_alignment=&#8220;center&#8220; _builder_version=&#8220;4.25.1&#8243; _module_preset=&#8220;default&#8220; button_text_color=&#8220;#000000&#8243; button_bg_color=&#8220;RGBA(255,255,255,0)&#8220; button_border_color=&#8220;#566B73&#8243; button_font=&#8220;Baskervville|&#8211;et_global_heading_font_weight||on|||||&#8220; global_colors_info=&#8220;{}&#8220; button_text_color__hover_enabled=&#8220;on|desktop&#8220; button_border_color__hover=&#8220;#566B73&#8243; button_text_color__hover=&#8220;#566B73&#8243;][\/et_pb_button][\/et_pb_column][\/et_pb_row][\/et_pb_section]<\/p>\n","protected":false},"excerpt":{"rendered":"<p>Optique Messerli &nbsp; Bei Optique Messerli k\u00f6nnen sich die Kunden auf ein freundliches Team verlassen, das sich voll und ganz auf sie einstellt und sich bem\u00fcht, alle ihre W\u00fcnsche zu erf\u00fcllen. Die jungen und dynamischen Mitarbeiter werden st\u00e4ndig weitergebildet, um ihr Fachwissen und ihre Pers\u00f6nlichkeit zu entwickeln. Rte Des Pralettes 11723 Marly +41 264362202 https:\/\/optiquemesserli.ch\/info@optiquemesserli.ch [&hellip;]<\/p>\n","protected":false},"author":1,"featured_media":0,"parent":0,"menu_order":0,"comment_status":"closed","ping_status":"closed","template":"","meta":{"_et_pb_use_builder":"on","_et_pb_old_content":"","_et_gb_content_width":"","footnotes":""},"class_list":["post-30743","page","type-page","status-publish","hentry"],"yoast_head":"<!-- This site is optimized with the Yoast SEO plugin v27.5 - https:\/\/yoast.com\/product\/yoast-seo-wordpress\/ -->\n<title>Verkaufsstelle - Six-Sept<\/title>\n<meta name=\"robots\" content=\"index, follow, max-snippet:-1, max-image-preview:large, max-video-preview:-1\" \/>\n<link rel=\"canonical\" href=\"https:\/\/six-sept.ch\/de\/verkaufsstelle\/\" \/>\n<meta property=\"og:locale\" content=\"de_DE\" \/>\n<meta property=\"og:type\" content=\"article\" \/>\n<meta property=\"og:title\" content=\"Verkaufsstelle - Six-Sept\" \/>\n<meta property=\"og:description\" content=\"Optique Messerli &nbsp; Bei Optique Messerli k\u00f6nnen sich die Kunden auf ein freundliches Team verlassen, das sich voll und ganz auf sie einstellt und sich bem\u00fcht, alle ihre W\u00fcnsche zu erf\u00fcllen. Die jungen und dynamischen Mitarbeiter werden st\u00e4ndig weitergebildet, um ihr Fachwissen und ihre Pers\u00f6nlichkeit zu entwickeln. Rte Des Pralettes 11723 Marly +41 264362202 https:\/\/optiquemesserli.ch\/info@optiquemesserli.ch [&hellip;]\" \/>\n<meta property=\"og:url\" content=\"https:\/\/six-sept.ch\/de\/verkaufsstelle\/\" \/>\n<meta property=\"og:site_name\" content=\"Six-Sept\" \/>\n<meta property=\"article:modified_time\" content=\"2024-11-18T06:50:16+00:00\" \/>\n<meta name=\"twitter:card\" content=\"summary_large_image\" \/>\n<meta name=\"twitter:label1\" content=\"Gesch\u00e4tzte Lesezeit\" \/>\n\t<meta name=\"twitter:data1\" content=\"15\u00a0Minuten\" \/>\n<script type=\"application\/ld+json\" class=\"yoast-schema-graph\">{\"@context\":\"https:\\\/\\\/schema.org\",\"@graph\":[{\"@type\":\"WebPage\",\"@id\":\"https:\\\/\\\/six-sept.ch\\\/de\\\/verkaufsstelle\\\/\",\"url\":\"https:\\\/\\\/six-sept.ch\\\/de\\\/verkaufsstelle\\\/\",\"name\":\"Verkaufsstelle - Six-Sept\",\"isPartOf\":{\"@id\":\"https:\\\/\\\/six-sept.ch\\\/de\\\/#website\"},\"datePublished\":\"2017-02-16T08:16:27+00:00\",\"dateModified\":\"2024-11-18T06:50:16+00:00\",\"inLanguage\":\"de\",\"potentialAction\":[{\"@type\":\"ReadAction\",\"target\":[\"https:\\\/\\\/six-sept.ch\\\/de\\\/verkaufsstelle\\\/\"]}]},{\"@type\":\"WebSite\",\"@id\":\"https:\\\/\\\/six-sept.ch\\\/de\\\/#website\",\"url\":\"https:\\\/\\\/six-sept.ch\\\/de\\\/\",\"name\":\"Six-Sept\",\"description\":\"Lunettes suisse en bois\",\"publisher\":{\"@id\":\"https:\\\/\\\/six-sept.ch\\\/de\\\/#organization\"},\"potentialAction\":[{\"@type\":\"SearchAction\",\"target\":{\"@type\":\"EntryPoint\",\"urlTemplate\":\"https:\\\/\\\/six-sept.ch\\\/de\\\/?s={search_term_string}\"},\"query-input\":{\"@type\":\"PropertyValueSpecification\",\"valueRequired\":true,\"valueName\":\"search_term_string\"}}],\"inLanguage\":\"de\"},{\"@type\":\"Organization\",\"@id\":\"https:\\\/\\\/six-sept.ch\\\/de\\\/#organization\",\"name\":\"Six-Sept\",\"url\":\"https:\\\/\\\/six-sept.ch\\\/de\\\/\",\"logo\":{\"@type\":\"ImageObject\",\"inLanguage\":\"de\",\"@id\":\"https:\\\/\\\/six-sept.ch\\\/de\\\/#\\\/schema\\\/logo\\\/image\\\/\",\"url\":\"https:\\\/\\\/six-sept.ch\\\/wp-content\\\/uploads\\\/2022\\\/10\\\/Six-Sept-logo-text-1-1.png\",\"contentUrl\":\"https:\\\/\\\/six-sept.ch\\\/wp-content\\\/uploads\\\/2022\\\/10\\\/Six-Sept-logo-text-1-1.png\",\"width\":1200,\"height\":800,\"caption\":\"Six-Sept\"},\"image\":{\"@id\":\"https:\\\/\\\/six-sept.ch\\\/de\\\/#\\\/schema\\\/logo\\\/image\\\/\"}}]}<\/script>\n<!-- \/ Yoast SEO plugin. -->","yoast_head_json":{"title":"Verkaufsstelle - Six-Sept","robots":{"index":"index","follow":"follow","max-snippet":"max-snippet:-1","max-image-preview":"max-image-preview:large","max-video-preview":"max-video-preview:-1"},"canonical":"https:\/\/six-sept.ch\/de\/verkaufsstelle\/","og_locale":"de_DE","og_type":"article","og_title":"Verkaufsstelle - Six-Sept","og_description":"Optique Messerli &nbsp; Bei Optique Messerli k\u00f6nnen sich die Kunden auf ein freundliches Team verlassen, das sich voll und ganz auf sie einstellt und sich bem\u00fcht, alle ihre W\u00fcnsche zu erf\u00fcllen. Die jungen und dynamischen Mitarbeiter werden st\u00e4ndig weitergebildet, um ihr Fachwissen und ihre Pers\u00f6nlichkeit zu entwickeln. Rte Des Pralettes 11723 Marly +41 264362202 https:\/\/optiquemesserli.ch\/info@optiquemesserli.ch [&hellip;]","og_url":"https:\/\/six-sept.ch\/de\/verkaufsstelle\/","og_site_name":"Six-Sept","article_modified_time":"2024-11-18T06:50:16+00:00","twitter_card":"summary_large_image","twitter_misc":{"Gesch\u00e4tzte Lesezeit":"15\u00a0Minuten"},"schema":{"@context":"https:\/\/schema.org","@graph":[{"@type":"WebPage","@id":"https:\/\/six-sept.ch\/de\/verkaufsstelle\/","url":"https:\/\/six-sept.ch\/de\/verkaufsstelle\/","name":"Verkaufsstelle - Six-Sept","isPartOf":{"@id":"https:\/\/six-sept.ch\/de\/#website"},"datePublished":"2017-02-16T08:16:27+00:00","dateModified":"2024-11-18T06:50:16+00:00","inLanguage":"de","potentialAction":[{"@type":"ReadAction","target":["https:\/\/six-sept.ch\/de\/verkaufsstelle\/"]}]},{"@type":"WebSite","@id":"https:\/\/six-sept.ch\/de\/#website","url":"https:\/\/six-sept.ch\/de\/","name":"Six-Sept","description":"Lunettes suisse en bois","publisher":{"@id":"https:\/\/six-sept.ch\/de\/#organization"},"potentialAction":[{"@type":"SearchAction","target":{"@type":"EntryPoint","urlTemplate":"https:\/\/six-sept.ch\/de\/?s={search_term_string}"},"query-input":{"@type":"PropertyValueSpecification","valueRequired":true,"valueName":"search_term_string"}}],"inLanguage":"de"},{"@type":"Organization","@id":"https:\/\/six-sept.ch\/de\/#organization","name":"Six-Sept","url":"https:\/\/six-sept.ch\/de\/","logo":{"@type":"ImageObject","inLanguage":"de","@id":"https:\/\/six-sept.ch\/de\/#\/schema\/logo\/image\/","url":"https:\/\/six-sept.ch\/wp-content\/uploads\/2022\/10\/Six-Sept-logo-text-1-1.png","contentUrl":"https:\/\/six-sept.ch\/wp-content\/uploads\/2022\/10\/Six-Sept-logo-text-1-1.png","width":1200,"height":800,"caption":"Six-Sept"},"image":{"@id":"https:\/\/six-sept.ch\/de\/#\/schema\/logo\/image\/"}}]}},"jetpack-related-posts":[],"jetpack_sharing_enabled":true,"_links":{"self":[{"href":"https:\/\/six-sept.ch\/de\/wp-json\/wp\/v2\/pages\/30743","targetHints":{"allow":["GET"]}}],"collection":[{"href":"https:\/\/six-sept.ch\/de\/wp-json\/wp\/v2\/pages"}],"about":[{"href":"https:\/\/six-sept.ch\/de\/wp-json\/wp\/v2\/types\/page"}],"author":[{"embeddable":true,"href":"https:\/\/six-sept.ch\/de\/wp-json\/wp\/v2\/users\/1"}],"replies":[{"embeddable":true,"href":"https:\/\/six-sept.ch\/de\/wp-json\/wp\/v2\/comments?post=30743"}],"version-history":[{"count":8,"href":"https:\/\/six-sept.ch\/de\/wp-json\/wp\/v2\/pages\/30743\/revisions"}],"predecessor-version":[{"id":31084,"href":"https:\/\/six-sept.ch\/de\/wp-json\/wp\/v2\/pages\/30743\/revisions\/31084"}],"wp:attachment":[{"href":"https:\/\/six-sept.ch\/de\/wp-json\/wp\/v2\/media?parent=30743"}],"curies":[{"name":"wp","href":"https:\/\/api.w.org\/{rel}","templated":true}]}}